{"id":244,"date":"2022-11-24T16:45:29","date_gmt":"2022-11-24T16:45:29","guid":{"rendered":"https:\/\/museulhfons.cat\/collections\/"},"modified":"2023-02-14T11:38:59","modified_gmt":"2023-02-14T11:38:59","slug":"collections","status":"publish","type":"page","link":"https:\/\/museulhfons.cat\/en\/","title":{"rendered":"Collections"},"content":{"rendered":"\n<div class=\"wp-block-uagb-container uagb-block-9fa51db9 alignfull uagb-is-root-container\">\n<div class=\"wp-block-uagb-container uagb-block-da807d01\">\t\t\t\t\t<div\n\t\t\t\t\t\tclass=\"wp-block-uagb-image-gallery uagb-block-ffe7627a     \"\n\t\t\t\t\t\tstyle=\"\"\n\t\t\t\t\t>\n\t\t\t\t\t\t\t\t\t\t\t<div class=\"spectra-image-gallery spectra-image-gallery__layout--carousel\">\n\t\t\t\t\t\t\t\t<div class=\"uagb-slick-carousel uagb-block-ffe7627a\">\n\t\t\t\t\t\t\t\t\t\t\t\t<div class='spectra-image-gallery__media-wrapper' data-spectra-gallery-image-id='223'>\n\t\t\t\t\t\t\t<div class=\"spectra-image-gallery__media spectra-image-gallery__media--carousel\">\n\t\t\t\t<picture>\n\t\t\t\t\t<source media=\"(min-width: 1024px)\" srcset=\"https:\/\/museulhfons.cat\/wp-content\/uploads\/2022\/12\/H-695-HD-1-915x1024.jpg\">\n\t\t\t\t\t<source media=\"(min-width: 768px)\" srcset=\"https:\/\/museulhfons.cat\/wp-content\/uploads\/2022\/12\/H-695-HD-1-915x1024.jpg\">\n\t\t\t\t\t<img decoding=\"async\" class=\"spectra-image-gallery__media-thumbnail spectra-image-gallery__media-thumbnail--carousel\" src=\"https:\/\/museulhfons.cat\/wp-content\/uploads\/2022\/12\/H-695-HD-1-268x300.jpg\" alt=\"\" loading=\"lazy\" \/>\n\t\t\t\t<\/picture>\n\t\t\t\t<div class=\"spectra-image-gallery__media-thumbnail-blurrer\"><\/div>\n\t\t\t\t\t\t\t\t\t\t\t<div class=\"spectra-image-gallery__media-thumbnail-caption-wrapper spectra-image-gallery__media-thumbnail-caption-wrapper--overlay\"><\/div>\n\t\t\t\t\t\t\t\t<\/div>\n\t\t\t\t\t\t<\/div>\n\t\t\t\t\t\t<div class='spectra-image-gallery__media-wrapper' data-spectra-gallery-image-id='232'>\n\t\t\t\t\t\t\t<div class=\"spectra-image-gallery__media spectra-image-gallery__media--carousel\">\n\t\t\t\t<picture>\n\t\t\t\t\t<source media=\"(min-width: 1024px)\" srcset=\"https:\/\/museulhfons.cat\/wp-content\/uploads\/2022\/12\/H-2989-1-1019x1024.jpg\">\n\t\t\t\t\t<source media=\"(min-width: 768px)\" srcset=\"https:\/\/museulhfons.cat\/wp-content\/uploads\/2022\/12\/H-2989-1-1019x1024.jpg\">\n\t\t\t\t\t<img decoding=\"async\" class=\"spectra-image-gallery__media-thumbnail spectra-image-gallery__media-thumbnail--carousel\" src=\"https:\/\/museulhfons.cat\/wp-content\/uploads\/2022\/12\/H-2989-1-300x300.jpg\" alt=\"\" loading=\"lazy\" \/>\n\t\t\t\t<\/picture>\n\t\t\t\t<div class=\"spectra-image-gallery__media-thumbnail-blurrer\"><\/div>\n\t\t\t\t\t\t\t\t\t\t\t<div class=\"spectra-image-gallery__media-thumbnail-caption-wrapper spectra-image-gallery__media-thumbnail-caption-wrapper--overlay\"><\/div>\n\t\t\t\t\t\t\t\t<\/div>\n\t\t\t\t\t\t<\/div>\n\t\t\t\t\t\t<div class='spectra-image-gallery__media-wrapper' data-spectra-gallery-image-id='238'>\n\t\t\t\t\t\t\t<div class=\"spectra-image-gallery__media spectra-image-gallery__media--carousel\">\n\t\t\t\t<picture>\n\t\t\t\t\t<source media=\"(min-width: 1024px)\" srcset=\"https:\/\/museulhfons.cat\/wp-content\/uploads\/2022\/12\/H-248-HD-963x1024.jpg\">\n\t\t\t\t\t<source media=\"(min-width: 768px)\" srcset=\"https:\/\/museulhfons.cat\/wp-content\/uploads\/2022\/12\/H-248-HD-963x1024.jpg\">\n\t\t\t\t\t<img decoding=\"async\" class=\"spectra-image-gallery__media-thumbnail spectra-image-gallery__media-thumbnail--carousel\" src=\"https:\/\/museulhfons.cat\/wp-content\/uploads\/2022\/12\/H-248-HD-282x300.jpg\" alt=\"\" loading=\"lazy\" \/>\n\t\t\t\t<\/picture>\n\t\t\t\t<div class=\"spectra-image-gallery__media-thumbnail-blurrer\"><\/div>\n\t\t\t\t\t\t\t\t\t\t\t<div class=\"spectra-image-gallery__media-thumbnail-caption-wrapper spectra-image-gallery__media-thumbnail-caption-wrapper--overlay\"><\/div>\n\t\t\t\t\t\t\t\t<\/div>\n\t\t\t\t\t\t<\/div>\n\t\t\t\t\t\t\t\t\t\t\t<\/div>\n\t\t\t\t\t\t\t<\/div>\n\t\t\t\t\t\t\t\t\t\t\t<\/div>\n\t\t\t\t\t\t\t\t\t<\/div>\n\n\n\n<div class=\"wp-block-uagb-container uagb-block-893d1048\">\n<h1 class=\"has-text-align-left wp-block-heading\">Fondo y colecciones<\/h1>\n<\/div>\n\n\n\n<div class=\"wp-block-uagb-container uagb-block-51ec3104\"><\/div>\n<\/div>\n\n<div class=\"wp-block-uagb-container uagb-block-1634021d alignfull uagb-is-root-container\"><div class=\"uagb-container-inner-blocks-wrap\">\n<div class=\"wp-block-uagb-container uagb-block-6f2eda04\">\n<p style=\"font-size:30px;line-height:1.2\">The Museum of l\u2019Hospitalet conserves, manages and administers the movable heritage collections of the city of l\u2019Hospitalet de Llobregat, originating from donations and undocumented object accessions, and consisting of items from diverse periods and subject areas.<\/p>\n\n\n\n<div class=\"wp-block-uagb-container text--toggle uagb-block-9a932d17\">\n<p>The Museum of L\u2019Hospitalet (MdLH) seeks to conserve, manage and administer the movable heritage collection of l\u2019Hospitalet de Llobregat. These movable objects are any that belong to the cultural heritage resulting from human creation, have certain historical, archaeological, artistic, scientific or technical value, and that can be moved.<\/p>\n\n\n\n<p>As part of this mission, the museum documents, catalogues, conserves and restores on an ongoing basis the works in its collection, and displays them publicly through exhibitions, for the local educational dissemination of the city\u2019s heritage. <\/p>\n\n\n\n<p>The importance of the city\u2019s heritage collection, and especially its superb modern art collection, were among the main rationales behind the Museum of L\u2019Hospitalet\u2019s creation in the 1970s. The Museum\u2019s collection has originated from donations and undocumented object accessions and includes items from a diverse range of periods and areas.<\/p>\n\n\n\n<p>The MdLH conserves archaeological collections from excavations and ethnographic and historic collections, with pieces from popular, traditional culture, the rural world, and the vast technological legacy of l\u2019Hospitalet\u2019s industrialization. It also conserves a magnificent collection of Renaissance altarpieces from the historic Santa Eul\u00e0lia de M\u00e9rida church, and a major collection of 20th century paintings, textile and ceramic works, that all make up the Museum\u2019s significant modern art collection. <\/p>\n\n\n\n<p>The collection shows how the city has been shaped, and its people have donated their mementoes to the community. The ethnographic objects traditionally used in farming activity show a now-extinct agricultural lifestyle, while the industrial heritage collection demonstrates the importance of industrialization in l\u2019Hospitalet. The displays of trades and daily life are key to understanding l\u2019Hospitalet society.<\/p>\n\n\n\n<p>MdLH has a significant modern art collection made up of over 2,000 works from 20th century artists. It is the result of donations from collectors, institutions, private citizens and the artists themselves, as well as the Municipal Government\u2019s acquisition policy. The privilege of holding such a collection was one of the motives behind the creation of the Museum of L\u2019Hospitalet. Over the past 50 years, the collection has taken on significant volume with works from artists such as Dali\u0301, Miro\u0301, Ta\u0300pies, Guinovart, Solanich, Josep Serra, Francesc Artigau, Concha Ib\u00e1\u00f1ez and Mireia Miret, among others. The graphic work known as <em>L\u2019Estampa Popular a Catalunya<\/em> and the collection of paintings by Rafael Barradas are especially noteworthy.<\/p>\n\n\n\n<p><strong>Acquisition policy<\/strong><\/p>\n\n\n\n<p>Regardless of their format or chronology, any items that attest to the art and history of l\u2019Hospitalet de Llobregat are objects of interest for the MdLH. Phased-out industrial machinery and tools that have been used in the industries of the city, any objects related with migrations to l\u2019Hospitalet de Llobregat, the most significant art works by local artists or any associated with the city, the objects of ethnological or historic interest that have been made or used in the municipality and all archaeological materials found within the city limits, will be considered high-priority. <\/p>\n\n\n\n<p>Objects of ethnological or historic interest that, although not directly related with l\u2019Hospitalet but have relevance or value, as well as objects of ethnological or historic interest that, although not made or used in the municipality, are similar to others that were, but have not been preserved, and that are necessary for the purposes of completing the Museum\u2019s permanent exhibition, will also be considered objects of interest.<\/p>\n\n\n\n<p>La pol\u00edtica d\u2019adquisicions del MdLH s\u2019emmarca en la legislaci\u00f3 actual i en el <a href=\"https:\/\/museulhfons.cat\/wp-content\/uploads\/2022\/12\/POLITICA-D-ADQUISICIONES-MdLH-WEB-Catala.pdf\">document marc de pol\u00edtica d\u2019adquisicions<\/a> de la Xarxa de Museus d\u2019Etnologia de Catalunya i de la Xarxa de Museus d\u2019Hist\u00f2ria i Monuments de Catalunya.Per fer donacions al fons del museu cal tenir en compte aquests criteris i contactar amb <a href=\"mailto:cultura.museu@l-h.cat\">cultura.museu@l-h.cat<\/a><\/p>\n<\/div>\n\n\n\n<p class=\"btn-toggle--hidden read-more--button has-ast-global-color-0-color has-text-color\">More information <i class=\"fa-solid fa-chevron-down\"><\/i> <\/p>\n\n\n\n<p class=\"read-more--button has-ast-global-color-0-color has-text-color\" id=\"read-more--button\">Less information <i class=\"fa-solid fa-chevron-up\"><\/i> <\/p>\n<\/div>\n\n\n\n<div class=\"wp-block-uagb-container uagb-block-62c4c3ae\"><\/div>\n<\/div><\/div>\n\n<div class=\"wp-block-uagb-container uagb-block-16694c52 alignfull uagb-is-root-container\"><div class=\"uagb-container-inner-blocks-wrap\">\n<div class=\"wp-block-uagb-container uagb-block-06440976\"><script>var is_masonry=true;<\/script>\t    <section class=\"coeli-search-filters coeli-filter-list-cols\" id=\"app-filters\">\n        <div class=\"coeli-result-filter-box\" id=\"coeli-result-filter-box\">\n            <div class=\"coeli-close-filters\">X<\/div>\n            <form :class=\"stackFacets ==='1'? 'coeli-stack-facets':''\">\n                <ul class=\"coeli-filter-list\" tabindex=\"0\">\n                    <li v-for=\"(facet,index) in facets\" :key=\"facet.id\"\n                        :class=\"[facet.desplega ? 'active' : '', 'coeli-filter-list-group', facet.total == facetLimit ? 'coeli-filter-hide' : '']\"\n                        :id=\"'filter-name-'+index\" tabindex=\"-1\" :aria-label=\"facet.titol\">\n                        <!-- N : Indicar nombre del filtro_slug parta este nivel y todas sus listas y titulo hijos: title-coeli-sub-list-filter-name,coeli-sub-list-filter-name  -->\n                        <p v-on:click=\"desplega(facet)\" class=\"coeli-filter-type-title\"\n                           id=\"title-coeli-sub-list-filter-name-\" tabindex=\"-1\">\n                            {{facet.titol}} <span>({{facet.total < facetLimit? facet.total : '+' + facet.total}})<\/span>\n                        <\/p>\n                        <!-- N : Numero de elementos de la lista - No de resultados de busqueda -->\n                        <div class=\"coeli-box-filter-facets\">\n                            <div class=\"coeli-filter-search-text\">\n                                <input placeholder=\"Search the term\" type=\"text\"\n                                       v-model=\"facet.filter_search\" v-on:keyup=\"filterFacets(index)\"> <span\n                                        class=\"coeli-reset-filter-facet\"\n                                        v-on:click=\"resetFilter(index)\">X<\/span>\n                                <div v-show=\"loadersFacets[index]\" class=\"coeli-facet-sugg-loader\"><\/div>\n                            <\/div>\n                            <div class=\"coeli-sub-list coeli-sub-list-suggs\">\n                                <ul v-show=\"facet.filter_search !== ''\" class=\"coeli-facet-suggestions\">\n                                    <li @click=\"addFacetAutoComplete(index,term)\"\n                                        v-for=\"term in suggestionsFacet[index]\" tabindex=\"-1\"\n                                        :class=\"[{ 'coeli-filter-hide-term': term.hide_front}, 'facet-'+term.id+'-'+facet.id.replace('.','-')]\">\n                                        <input type=\"checkbox\" :id=\"'id-auto'+term.id+'-'+facet.id\" name=\"name-\"\n                                               :value=\"term.href\">\n                                        <label :for=\"'id-'+term.id+'-'+facet.id\">{{term.label}}<span> {{term.count}}<\/span><\/label>\n                                    <\/li>\n                                <\/ul>\n                            <\/div>\n                        <\/div>\n\n                        <div class=\"coeli-sub-list\" :id=\"'coeli-sub-list-filter-name-'+facet.id\"\n                             :ref=\"'coeli-sub-list-'+index\"\n                             :aria-labelledby=\"'title-coeli-sub-list-filter-name-'+facet.id\">\n                            <ul v-show=\"!(facet.total == facetLimit &#038;&#038; facet.filter_search !=='')\">\n                                <li v-for=\"term in facet.camps\" tabindex=\"-1\"\n                                    :class=\"[{ 'coeli-filter-hide-term': term.hide_front}, 'facet-'+term.id+'-'+facet.id.replace('.','-')]\">\n                                    <input :disabled=\"term.enabled == 0\" @change=\"filtra(facet.id,0,index)\"\n                                           v-model=\"term.active\" type=\"checkbox\" :id=\"'id-'+term.id+'-'+facet.id\"\n                                           name=\"name-\" :value=\"term.href\">\n                                    <label :for=\"'id-'+term.id+'-'+facet.id\">{{term.label}}<span> {{term.count}}<\/span><\/label>\n                                <\/li>\n                            <\/ul>\n                        <\/div>\n                    <\/li>\n                <\/ul>\n                <div class=\"coeli-filter-base\">\n                    <div :class=\"(isLoading)? 'coeli-loading-filtres coeli-filter-total-value':'coeli-filter-total-value'\">\n                        <span>{{total}} <span>Objects<\/span><\/span><i><\/i><\/div>\n                    <div class=\"coeli-filter-button-empty\">\n                        <button @click=\"resetFilters($event)\" type=\"reset\" value=\"\"\n                                title=\"Remove all filters\">Remove filters<\/button>\n                    <\/div>\n                    <div class=\"coeli-filter-button-use\">\n                        <button @click=\"cerca($event)\" type=\"submit\" value=\"\"\n                                title=\"Show results and close the window\">Show results<\/button>\n                    <\/div>\n                <\/div>\n            <\/form>\n        <\/div>\n    <\/section>\n\t    <div class=\"coeli-search-keyword\">\n\t\t    <form class=\"coeli-search-form\" action=\"\" method=\"get\">\n        <input type=\"text\" class=\"coeli-search-input\" id=\"search\" name=\"text\"\n               placeholder=\"Search here...\"\n               value=\"\">\n        <input type=\"submit\" class=\"coeli-search-button\" value=\"Search\">\n\n\t\t<input type=\"hidden\" name=\"sortby\" value=\"\">    <\/form>\n\t\t            <button class=\"coeli-toggle-advanced-search\"><\/button>\n\t\t\t\t            <div class=\"coeli-result-filter-box-button\">\n                <button title=\"Open filters\">FILTERS<\/button>\n            <\/div>\n\t\t    <\/div>\n\t        <div class=\"coeli-advanced-wrapper-toggle\">\n\t\t\t    <script>\n        \/* camps necessaris per init la cerca avan\u00e7ada vuejs*\/\n        var camps_cerca =[{\"valor\":\"\",\"cerca_value\":\"\",\"isDate\":false,\"tipologia\":\"HeritageObject\",\"tipus_camp\":\"autocomplete\",\"placeholder\":\"Object name\",\"id\":\"objectNames\",\"SKOSConcept\":\"SKOSConcept\",\"name\":\"Object name\"},{\"valor\":\"\",\"cerca_value\":\"\",\"isDate\":false,\"tipologia\":\"HeritageObject\",\"tipus_camp\":\"autocomplete\",\"placeholder\":\"Author \\\/ Contributor\",\"id\":\"production.actorsInRole.actor\",\"SKOSConcept\":\"Actor\",\"name\":\"Author \\\/ Contributor\"},{\"valor\":\"\",\"cerca_value\":\"\",\"dataIni\":\"\",\"dataFi\":\"\",\"isDate\":true,\"tipologia\":\"HeritageObject\",\"tipus_camp\":\"lliure\",\"placeholder\":\"Production date\",\"id\":\"production.date\",\"SKOSConcept\":null,\"name\":\"Production date\"}];\n        var link_cerca = 'https:\/\/museulhfons.cat\/colleccio\/';\n    <\/script>\n\n\t\n    <div id=\"app-advanced-search\">\n        <section class=\"coeli-search-advanced\">\n            <form action=\"https:\/\/museulhfons.cat\/colleccio\/\"\n                  method=\"get\">\n                <div :class=\"'coeli-search-field-'+camp.id.replace(\/\\.\/g,'-')\" v-for=\"camp in camps\">\n                    <!--camps de data-->\n                    <div v-if=\"camp.isDate\">\n                        <div class=\"coeli-cerca-dataini\">\n                            <coeli-search-field :isdate=\"camp.isDate\" :valor=\"camp.dataIni\" v-model=\"camp.dataIni\"\n                                                :tipologia=\"camp.tipologia\" :autocomplete=\"camp.tipus_camp\"\n                                                :placeholder=\"camp.placeholder + ' Start date (dd\/mm\/yyyy)'\" :id=\"camp.id\" :name=\"camp.id\"\n                                                :label=\"camp.name\"><\/coeli-search-field>\n                        <\/div>\n                        <div class=\"coeli-cerca-datafi\">\n                            <coeli-search-field :isdate=\"camp.isDate\" :valor=\"camp.dataFi\" v-model=\"camp.dataFi\"\n                                                :tipologia=\"camp.tipologia\" :autocomplete=\"camp.tipus_camp\"\n                                                :placeholder=\"camp.placeholder + ' End date (dd\/mm\/yyyy)'\" :id=\"camp.id\" :name=\"camp.id\"\n                                                :label=\"'_'\"><\/coeli-search-field>\n                        <\/div>\n                    <\/div>\n                    <!--camps normals-->\n                    <div v-else>\n                        <coeli-search-field :isdate=\"camp.isDate\" :valor=\"camp.cerca_value.label\"\n                                            v-model=\"camp.cerca_value\" :tipologia=\"camp.tipologia\"\n                                            :autocomplete=\"camp.tipus_camp\" :placeholder=\"camp.placeholder\"\n                                            :id=\"camp.id\" :name=\"camp.id\" :label=\"camp.name\"><\/coeli-search-field>\n                    <\/div>\n                <\/div>\n                <button @click=\"procesaForm($event)\">Search<\/button>\n                <button @click=\"cleanSearch($event)\">Clean search<\/button>\n            <\/form>\n        <\/section>\n    <\/div>\n        <\/div>\n\t    <div class=\"coeli-list-results\" id=\"coeli-list-results\">\n\t\t        <header>\n            <div class=\"coeli-num-items\"><p>                      <span>5636<\/span> results                <\/p><\/div>\n\t\t\t        <\/header>\n        <div class=\"coeli-result-list-container coeli-result-list-container-full\">\n\t\t\t            <div class=\"coeli-list-col\">\n                <div class=\"coeli-control-results\">\n                    <form action=\"\" method=\"get\" id=\"coeli-form-order\">\n                        <label for=\"sort-result\">Order by:<\/label>\n\t\t\t\t\t\t\n        <select name=\"sortby\" id=\"sort-result\" onchange=\"sendForm()\" class=\"\">\n            <option value=\"\" >Relevance<\/option> <option  value=\"objectNames\">Object name<\/option> <option  value=\"production.date\">Production date<\/option><\/select>\n        <select name=\"ordercoeli\" onchange=\"sendForm()\">\n            <option  value=\"ASC\">Ascendant<\/option>\n            <option selected value=\"DESC\">Descendant<\/option>\n        <\/select>                    <\/form>\n                    <button type=\"button\"\n                            class=\"coeli-result-change-display result-grid-display\">List<\/button>\n                    <script>function sendForm() {\n                            document.getElementById(\"coeli-form-order\").submit();\n                        }\n                    <\/script>\n\t\t\t\t\t                <\/div>\n                <div class=\"coeli-mode-visualization \">\n                    <div id=\"infinite\">\n                        <ul class=\"coeli-result-list  grid coeli-is-masonry\">\n                            <li class=\"coeli-grid-sizer\" tabindex=\"-1\"><\/li>\n\t\t\t\t\t\t\t<li class=\"grid-item  coeli-heritageobject\" id=\"h7988--lamor-escultura-serra-moragas-jordi-2008\"  data-href=\"\/coeli\/MUSEULH\/HeritageObject\/H878023\" data-id=\"H878023\" tabindex=\"0\"><a href=\"https:\/\/museulhfons.cat\/en\/heritageobject\/h7988--lamor-escultura-serra-moragas-jordi-2008\/\"><p class=\"coeli-briefDescription\">L&#8217;Amor [sculpture], Serra Moragas, Jordi, 2008<\/p><figure class=\"image portraitmedia-medium\"><img decoding=\"async\" alt=\"\" src=\"https:\/\/d26pfrydgurj9x.cloudfront.net\/public\/HeritageObject\/H878023\/c8ca431573269c386bd5cfb40cd16664\/full\/medium\/0\/default.jpg\"><\/figure><\/a><\/li><li class=\"grid-item  coeli-heritageobject\" id=\"h55851--pintura-a-loli-sole-cannes-josep\"  data-href=\"\/coeli\/MUSEULH\/HeritageObject\/H879024\" data-id=\"H879024\" tabindex=\"1\"><a href=\"https:\/\/museulhfons.cat\/en\/heritageobject\/h55851--pintura-a-loli-sole-cannes-josep\/\"><p class=\"coeli-briefDescription\">oil paintings, Sol\u00e9 Cannes, Josep<\/p><figure class=\"image portraitmedia-medium\"><img decoding=\"async\" alt=\"\" src=\"https:\/\/d26pfrydgurj9x.cloudfront.net\/public\/HeritageObject\/H879024\/befc93d4307b147255650a9f53b9bafe\/full\/medium\/0\/default.jpg\"><\/figure><\/a><\/li><li class=\"grid-item coeli-objecte-dart coeli-heritageobject\" id=\"h11700--gerro-casane-lopez-albert-1977--1981\"  data-href=\"\/coeli\/MUSEULH\/HeritageObject\/H890312\" data-id=\"H890312\" tabindex=\"2\"><a href=\"https:\/\/museulhfons.cat\/en\/heritageobject\/h11700--gerro-casane-lopez-albert-1977--1981\/\"><p class=\"coeli-briefDescription\">vases, Casa\u00f1\u00e9 L\u00f3pez, Albert, 1977 &#8211; 1981<\/p><figure class=\"image portraitmedia-medium\"><img decoding=\"async\" alt=\"\" src=\"https:\/\/d26pfrydgurj9x.cloudfront.net\/public\/HeritageObject\/H890312\/59314a43bcbf4ee9dfb7cc89e0e895df\/full\/medium\/0\/default.jpg\"><\/figure><\/a><\/li><li class=\"grid-item coeli-objecte-de-documentacio coeli-heritageobject\" id=\"h1620--escultura-de-josep-m-subirachs-de-lescut-de-la-ciutat-hospitalet-fotografia-\"  data-href=\"\/coeli\/MUSEULH\/HeritageObject\/H877112\" data-id=\"H877112\" tabindex=\"3\"><a href=\"https:\/\/museulhfons.cat\/en\/heritageobject\/h1620--escultura-de-josep-m-subirachs-de-lescut-de-la-ciutat-hospitalet-fotografia-\/\"><p class=\"coeli-briefDescription\">Escultura de Josep M\u00aa Subirachs de l&#8217;escut de la ciutat. Hospitalet [photographs], &#8211;<\/p><figure class=\"image portraitmedia-medium\"><img decoding=\"async\" alt=\"\" src=\"https:\/\/d26pfrydgurj9x.cloudfront.net\/public\/HeritageObject\/H877112\/54d0297fd153cba2ac3e641d7b519b88\/full\/medium\/0\/default.jpg\"><\/figure><\/a><\/li><li class=\"grid-item coeli-objecte-dart coeli-heritageobject\" id=\"h1864--lhospitalet-dibuix-buj-duran-juan-antonio-1992\"  data-href=\"\/coeli\/MUSEULH\/HeritageObject\/H875087\" data-id=\"H875087\" tabindex=\"4\"><a href=\"https:\/\/museulhfons.cat\/en\/heritageobject\/h1864--lhospitalet-dibuix-buj-duran-juan-antonio-1992\/\"><p class=\"coeli-briefDescription\">L&#8217;Hospitalet [drawings], Buj Dur\u00e1n, Juan Antonio, 1992<\/p><figure class=\"image portraitmedia-medium\"><img decoding=\"async\" alt=\"\" src=\"https:\/\/d26pfrydgurj9x.cloudfront.net\/public\/HeritageObject\/H875087\/47edf275fb1a3662b88efc07c44981f6\/full\/medium\/0\/default.jpg\"><\/figure><\/a><\/li><li class=\"grid-item coeli-objecte-dart coeli-heritageobject\" id=\"h2449--pintura-rojo-manuel-1960\"  data-href=\"\/coeli\/MUSEULH\/HeritageObject\/H876925\" data-id=\"H876925\" tabindex=\"5\"><a href=\"https:\/\/museulhfons.cat\/en\/heritageobject\/h2449--pintura-rojo-manuel-1960\/\"><p class=\"coeli-briefDescription\">paintings, Rojo, Manuel, 1960<\/p><figure class=\"image portraitmedia-medium\"><img decoding=\"async\" alt=\"\" src=\"https:\/\/d26pfrydgurj9x.cloudfront.net\/public\/HeritageObject\/H876925\/db0dd38c2a045fc71f4dccaae0c13294\/full\/medium\/0\/default.jpg\"><\/figure><\/a><\/li><li class=\"grid-item coeli-objecte-dart coeli-heritageobject\" id=\"h2453--dibuix-camps-arnau-josep-maria-1960\"  data-href=\"\/coeli\/MUSEULH\/HeritageObject\/H876929\" data-id=\"H876929\" tabindex=\"6\"><a href=\"https:\/\/museulhfons.cat\/en\/heritageobject\/h2453--dibuix-camps-arnau-josep-maria-1960\/\"><p class=\"coeli-briefDescription\">drawings, Camps Arnau, Josep Maria, 1960<\/p><figure class=\"image portraitmedia-medium\"><img decoding=\"async\" alt=\"\" src=\"https:\/\/d26pfrydgurj9x.cloudfront.net\/public\/HeritageObject\/H876929\/9ece5619e97c5a923c91c632e000bf0f\/full\/medium\/0\/default.jpg\"><\/figure><\/a><\/li><li class=\"grid-item coeli-objecte-dart coeli-heritageobject\" id=\"h1508--cal-vermellhospitalet-fotografia-riera-clavero-maria\"  data-href=\"\/coeli\/MUSEULH\/HeritageObject\/H876888\" data-id=\"H876888\" tabindex=\"7\"><a href=\"https:\/\/museulhfons.cat\/en\/heritageobject\/h1508--cal-vermellhospitalet-fotografia-riera-clavero-maria\/\"><p class=\"coeli-briefDescription\">Cal Vermell.Hospitalet [photographs], Riera Clavero, Mari\u00e0<\/p><figure class=\"image portraitmedia-medium\"><img decoding=\"async\" alt=\"\" src=\"https:\/\/d26pfrydgurj9x.cloudfront.net\/public\/HeritageObject\/H876888\/ac43bdffac169a850f3c6ccdbfaaf045\/full\/medium\/0\/default.jpg\"><\/figure><\/a><\/li><li class=\"grid-item coeli-objecte-de-documentacio coeli-heritageobject\" id=\"h3209--titol-de-loriginal-muelle-de-riotinto-huelva-dibuix-bacedoni-bravo-jose-tercer-quart-segle-xx\"  data-href=\"\/coeli\/MUSEULH\/HeritageObject\/H875139\" data-id=\"H875139\" tabindex=\"8\"><a href=\"https:\/\/museulhfons.cat\/en\/heritageobject\/h3209--titol-de-loriginal-muelle-de-riotinto-huelva-dibuix-bacedoni-bravo-jose-tercer-quart-segle-xx\/\"><p class=\"coeli-briefDescription\">T\u00edtol de l&#8217;original: Muelle de Riotinto. Huelva [drawings], Bacedoni Bravo, Jos\u00e9, tercer quart segle XX<\/p><figure class=\"image portraitmedia-medium\"><img decoding=\"async\" alt=\"\" src=\"https:\/\/d26pfrydgurj9x.cloudfront.net\/public\/HeritageObject\/H875139\/6869aa60ed656489bf8d2685fa23d545\/full\/medium\/0\/default.jpg\"><\/figure><\/a><\/li><li class=\"grid-item coeli-objecte-dart coeli-heritageobject\" id=\"h3159--dibuix-sabi-serra-ramon-segle-xx\"  data-href=\"\/coeli\/MUSEULH\/HeritageObject\/H876264\" data-id=\"H876264\" tabindex=\"9\"><a href=\"https:\/\/museulhfons.cat\/en\/heritageobject\/h3159--dibuix-sabi-serra-ramon-segle-xx\/\"><p class=\"coeli-briefDescription\">drawings, Sabi Serra, Ramon, 20th century<\/p><figure class=\"image portraitmedia-medium\"><img decoding=\"async\" alt=\"\" src=\"https:\/\/d26pfrydgurj9x.cloudfront.net\/public\/HeritageObject\/H876264\/57f57318a8cadd988ea405b2569a391a\/full\/medium\/0\/default.jpg\"><\/figure><\/a><\/li><li class=\"grid-item coeli-objecte-dart coeli-heritageobject\" id=\"h3151--pintura--tercer-quart-segle-xx\"  data-href=\"\/coeli\/MUSEULH\/HeritageObject\/H876262\" data-id=\"H876262\" tabindex=\"10\"><a href=\"https:\/\/museulhfons.cat\/en\/heritageobject\/h3151--pintura--tercer-quart-segle-xx\/\"><p class=\"coeli-briefDescription\">paintings, -, tercer quart segle XX<\/p><figure class=\"image portraitmedia-medium\"><img decoding=\"async\" alt=\"\" src=\"https:\/\/d26pfrydgurj9x.cloudfront.net\/public\/HeritageObject\/H876262\/070db3833867bb3eedbd65cd0c00e572\/full\/medium\/0\/default.jpg\"><\/figure><\/a><\/li><li class=\"grid-item coeli-objecte-dart coeli-heritageobject\" id=\"h1295--torre-cluset-hospitalet-fotografia--segle-xx\"  data-href=\"\/coeli\/MUSEULH\/HeritageObject\/H875205\" data-id=\"H875205\" tabindex=\"11\"><a href=\"https:\/\/museulhfons.cat\/en\/heritageobject\/h1295--torre-cluset-hospitalet-fotografia--segle-xx\/\"><p class=\"coeli-briefDescription\">Torre Cluset. Hospitalet [photographs], -, 20th century<\/p><figure class=\"image portraitmedia-medium\"><img decoding=\"async\" alt=\"\" src=\"https:\/\/d26pfrydgurj9x.cloudfront.net\/public\/HeritageObject\/H875205\/a10ab789e5a083bff3d0497b0bc6888f\/full\/medium\/0\/default.jpg\"><\/figure><\/a><\/li><li class=\"grid-item coeli-objecte-dart coeli-heritageobject\" id=\"h1309--torre-barrinahospitalet-fotografia--1921\"  data-href=\"\/coeli\/MUSEULH\/HeritageObject\/H875230\" data-id=\"H875230\" tabindex=\"12\"><a href=\"https:\/\/museulhfons.cat\/en\/heritageobject\/h1309--torre-barrinahospitalet-fotografia--1921\/\"><p class=\"coeli-briefDescription\">Torre Barrina.Hospitalet [photographs], -, 1921<\/p><figure class=\"image portraitmedia-medium\"><img decoding=\"async\" alt=\"\" src=\"https:\/\/d26pfrydgurj9x.cloudfront.net\/public\/HeritageObject\/H875230\/cfe379d1b757e86415f8808c31a54816\/full\/medium\/0\/default.jpg\"><\/figure><\/a><\/li><li class=\"grid-item coeli-objecte-dart coeli-heritageobject\" id=\"h1296--talaia-fotografia--segle-xx\"  data-href=\"\/coeli\/MUSEULH\/HeritageObject\/H875206\" data-id=\"H875206\" tabindex=\"13\"><a href=\"https:\/\/museulhfons.cat\/en\/heritageobject\/h1296--talaia-fotografia--segle-xx\/\"><p class=\"coeli-briefDescription\">Talaia [photographs], -, 20th century<\/p><figure class=\"image portraitmedia-medium\"><img decoding=\"async\" alt=\"\" src=\"https:\/\/d26pfrydgurj9x.cloudfront.net\/public\/HeritageObject\/H875206\/148f62f2bdf7a5a6c7122f0ad998b4ad\/full\/medium\/0\/default.jpg\"><\/figure><\/a><\/li><li class=\"grid-item coeli-objecte-dart coeli-heritageobject\" id=\"h2900--st-dibuix-manils-isidre-1988\"  data-href=\"\/coeli\/MUSEULH\/HeritageObject\/H874793\" data-id=\"H874793\" tabindex=\"14\"><a href=\"https:\/\/museulhfons.cat\/en\/heritageobject\/h2900--st-dibuix-manils-isidre-1988\/\"><p class=\"coeli-briefDescription\">S.T. [drawings], Manils, Isidre, 1988<\/p><figure class=\"image portraitmedia-medium\"><img decoding=\"async\" alt=\"\" src=\"https:\/\/d26pfrydgurj9x.cloudfront.net\/public\/HeritageObject\/H874793\/1e83341222f615e11ea8e2135e9099a2\/full\/medium\/0\/default.jpg\"><\/figure><\/a><\/li><li class=\"grid-item coeli-objecte-dart coeli-heritageobject\" id=\"h760--valle-de-tena-pintura-sabanes-josep-1956\"  data-href=\"\/coeli\/MUSEULH\/HeritageObject\/H877341\" data-id=\"H877341\" tabindex=\"15\"><a href=\"https:\/\/museulhfons.cat\/en\/heritageobject\/h760--valle-de-tena-pintura-sabanes-josep-1956\/\"><p class=\"coeli-briefDescription\">Valle de Tena [paintings], Saban\u00e9s, Josep, 1956<\/p><figure class=\"image portraitmedia-medium\"><img decoding=\"async\" alt=\"\" src=\"https:\/\/d26pfrydgurj9x.cloudfront.net\/public\/HeritageObject\/H877341\/5c42347559f921ce944e085acef63ddb\/full\/medium\/0\/default.jpg\"><\/figure><\/a><\/li><li class=\"grid-item  coeli-heritageobject\" id=\"h7428--decoracion-centro-fotografia-en-blanc-i-negre-gomez-fabero-m-luisa\"  data-href=\"\/coeli\/MUSEULH\/HeritageObject\/H879690\" data-id=\"H879690\" tabindex=\"16\"><a href=\"https:\/\/museulhfons.cat\/en\/heritageobject\/h7428--decoracion-centro-fotografia-en-blanc-i-negre-gomez-fabero-m-luisa\/\"><p class=\"coeli-briefDescription\">Decoraci\u00f3n Centro [black-and-white photographs], G\u00f3mez Fabero, M\u00aa Luisa<\/p><figure class=\"image portraitmedia-medium\"><img decoding=\"async\" alt=\"\" src=\"https:\/\/d26pfrydgurj9x.cloudfront.net\/public\/HeritageObject\/H879690\/48b73041cce611e1be493ab134587f13\/full\/medium\/0\/default.jpg\"><\/figure><\/a><\/li><li class=\"grid-item  coeli-heritageobject\" id=\"h6723--pintura-a-loli-guinovart-beltran-josep-2005\"  data-href=\"\/coeli\/MUSEULH\/HeritageObject\/H879507\" data-id=\"H879507\" tabindex=\"17\"><a href=\"https:\/\/museulhfons.cat\/en\/heritageobject\/h6723--pintura-a-loli-guinovart-beltran-josep-2005\/\"><p class=\"coeli-briefDescription\">oil paintings, Guinovart Beltr\u00e1n, Josep, 2005<\/p><figure class=\"image portraitmedia-medium\"><img decoding=\"async\" alt=\"\" src=\"https:\/\/d26pfrydgurj9x.cloudfront.net\/public\/HeritageObject\/H879507\/2651217e6bda9a4c7b5489fca2437147\/full\/medium\/0\/default.jpg\"><\/figure><\/a><\/li><li class=\"grid-item  coeli-heritageobject\" id=\"h6889--projectes-murals-gabarre-gonzalez-antonio-1988\"  data-href=\"\/coeli\/MUSEULH\/HeritageObject\/H879533\" data-id=\"H879533\" tabindex=\"18\"><a href=\"https:\/\/museulhfons.cat\/en\/heritageobject\/h6889--projectes-murals-gabarre-gonzalez-antonio-1988\/\"><p class=\"coeli-briefDescription\">projectes murals, Gabarre Gonz\u00e1lez, Antonio, 1988<\/p><figure class=\"image portraitmedia-medium\"><img decoding=\"async\" alt=\"\" src=\"https:\/\/d26pfrydgurj9x.cloudfront.net\/public\/HeritageObject\/H879533\/98624492db7a6f6eabc1b3bb910e42df\/full\/medium\/0\/default.jpg\"><\/figure><\/a><\/li><li class=\"grid-item  coeli-heritageobject\" id=\"h625477--dibuix-\"  data-href=\"\/coeli\/MUSEULH\/HeritageObject\/H879270\" data-id=\"H879270\" tabindex=\"19\"><a href=\"https:\/\/museulhfons.cat\/en\/heritageobject\/h625477--dibuix-\/\"><p class=\"coeli-briefDescription\">drawings, &#8211;<\/p><figure class=\"image portraitmedia-medium\"><img decoding=\"async\" alt=\"\" src=\"https:\/\/d26pfrydgurj9x.cloudfront.net\/public\/HeritageObject\/H879270\/2a4676499503ca9ef8eb5da67af380e1\/full\/medium\/0\/default.jpg\"><\/figure><\/a><\/li><li class=\"grid-item  coeli-heritageobject\" id=\"h6891--pont-de-la-llibertat-dibuix-arranz-bravo-eduard\"  data-href=\"\/coeli\/MUSEULH\/HeritageObject\/H879535\" data-id=\"H879535\" tabindex=\"20\"><a href=\"https:\/\/museulhfons.cat\/en\/heritageobject\/h6891--pont-de-la-llibertat-dibuix-arranz-bravo-eduard\/\"><p class=\"coeli-briefDescription\">Pont de la Llibertat [drawings], Arranz Bravo, Eduard<\/p><figure class=\"image portraitmedia-medium\"><img decoding=\"async\" alt=\"\" src=\"https:\/\/d26pfrydgurj9x.cloudfront.net\/public\/HeritageObject\/H879535\/00f3afa76aba0f9aa50af0c19d36624f\/full\/medium\/0\/default.jpg\"><\/figure><\/a><\/li><li class=\"grid-item  coeli-heritageobject\" id=\"h9926--fabrica-vilumara-cartell--1998\"  data-href=\"\/coeli\/MUSEULH\/HeritageObject\/H887326\" data-id=\"H887326\" tabindex=\"21\"><a href=\"https:\/\/museulhfons.cat\/en\/heritageobject\/h9926--fabrica-vilumara-cartell--1998\/\"><p class=\"coeli-briefDescription\">F\u00e0brica Vilumara [posters], -, 1998<\/p><figure class=\"image portraitmedia-medium\"><img decoding=\"async\" alt=\"\" src=\"https:\/\/d26pfrydgurj9x.cloudfront.net\/public\/HeritageObject\/H887326\/05e12e09815b385824f4a1ec40ec5fcf\/full\/medium\/0\/default.jpg\"><\/figure><\/a><\/li><li class=\"grid-item coeli-objecte-dart coeli-heritageobject\" id=\"h835--desnudo-pintura-jurnet-tusquets-montserrat-1964\"  data-href=\"\/coeli\/MUSEULH\/HeritageObject\/H877201\" data-id=\"H877201\" tabindex=\"22\"><a href=\"https:\/\/museulhfons.cat\/en\/heritageobject\/h835--desnudo-pintura-jurnet-tusquets-montserrat-1964\/\"><p class=\"coeli-briefDescription\">Desnudo [paintings], Jurnet Tusquets, Montserrat., 1964<\/p><figure class=\"image portraitmedia-medium\"><img decoding=\"async\" alt=\"\" src=\"https:\/\/d26pfrydgurj9x.cloudfront.net\/public\/HeritageObject\/H877201\/5448b994c63e37269dac3efa736499b4\/full\/medium\/0\/default.jpg\"><\/figure><\/a><\/li><li class=\"grid-item  coeli-heritageobject\" id=\"h9683--fotografia-morera-pau-jordi-2005\"  data-href=\"\/coeli\/MUSEULH\/HeritageObject\/H887200\" data-id=\"H887200\" tabindex=\"23\"><a href=\"https:\/\/museulhfons.cat\/en\/heritageobject\/h9683--fotografia-morera-pau-jordi-2005\/\"><p class=\"coeli-briefDescription\">photographs, Morera Pau, Jordi, 2005<\/p><figure class=\"image portraitmedia-medium\"><img decoding=\"async\" alt=\"\" src=\"https:\/\/d26pfrydgurj9x.cloudfront.net\/public\/HeritageObject\/H887200\/f907d412c555e8bacd92adbcfe8895e6\/full\/medium\/0\/default.jpg\"><\/figure><\/a><\/li><li class=\"grid-item  coeli-heritageobject\" id=\"h9677--fotografia-morera-pau-jordi-2005\"  data-href=\"\/coeli\/MUSEULH\/HeritageObject\/H887196\" data-id=\"H887196\" tabindex=\"24\"><a href=\"https:\/\/museulhfons.cat\/en\/heritageobject\/h9677--fotografia-morera-pau-jordi-2005\/\"><p class=\"coeli-briefDescription\">photographs, Morera Pau, Jordi, 2005<\/p><figure class=\"image portraitmedia-medium\"><img decoding=\"async\" alt=\"\" src=\"https:\/\/d26pfrydgurj9x.cloudfront.net\/public\/HeritageObject\/H887196\/c34c56d2f942c185d962f563b596421b\/full\/medium\/0\/default.jpg\"><\/figure><\/a><\/li><li class=\"grid-item  coeli-heritageobject\" id=\"h10973--retrat-femeni-dibuix-mestre-castellvi-lluis-segon-quart-segle-xx\"  data-href=\"\/coeli\/MUSEULH\/HeritageObject\/H889119\" data-id=\"H889119\" tabindex=\"25\"><a href=\"https:\/\/museulhfons.cat\/en\/heritageobject\/h10973--retrat-femeni-dibuix-mestre-castellvi-lluis-segon-quart-segle-xx\/\"><p class=\"coeli-briefDescription\">retrat femen\u00ed [drawings], Mestre Castellv\u00ed, Llu\u00eds, segon quart segle XX<\/p><figure class=\"image portraitmedia-medium\"><img decoding=\"async\" alt=\"\" src=\"https:\/\/d26pfrydgurj9x.cloudfront.net\/public\/HeritageObject\/H889119\/d3cdc82c91373028d6003d7fa3d123ec\/full\/medium\/0\/default.jpg\"><\/figure><\/a><\/li><li class=\"grid-item  coeli-heritageobject\" id=\"h6271--comic-jose\"  data-href=\"\/coeli\/MUSEULH\/HeritageObject\/H879297\" data-id=\"H879297\" tabindex=\"26\"><a href=\"https:\/\/museulhfons.cat\/en\/heritageobject\/h6271--comic-jose\/\"><p class=\"coeli-briefDescription\">comics, Jos\u00e9<\/p><figure class=\"image portraitmedia-medium\"><img decoding=\"async\" alt=\"\" src=\"https:\/\/d26pfrydgurj9x.cloudfront.net\/public\/HeritageObject\/H879297\/5fa9f5cadc07571481c575c2760ed1d0\/full\/medium\/0\/default.jpg\"><\/figure><\/a><\/li><li class=\"grid-item  coeli-heritageobject\" id=\"h3564--fotografia-en-color-zampaglione-hector-1986\"  data-href=\"\/coeli\/MUSEULH\/HeritageObject\/H879910\" data-id=\"H879910\" tabindex=\"27\"><a href=\"https:\/\/museulhfons.cat\/en\/heritageobject\/h3564--fotografia-en-color-zampaglione-hector-1986\/\"><p class=\"coeli-briefDescription\">color photographs, Zampaglione, Hector, 1986<\/p><figure class=\"image portraitmedia-medium\"><img decoding=\"async\" alt=\"\" src=\"https:\/\/d26pfrydgurj9x.cloudfront.net\/public\/HeritageObject\/H879910\/32bed5d5b91ebf2a8ea4aa3b3761b0c6\/full\/medium\/0\/default.jpg\"><\/figure><\/a><\/li><li class=\"grid-item  coeli-heritageobject\" id=\"h6118--plafo-benlloch-espana\"  data-href=\"\/coeli\/MUSEULH\/HeritageObject\/H879159\" data-id=\"H879159\" tabindex=\"28\"><a href=\"https:\/\/museulhfons.cat\/en\/heritageobject\/h6118--plafo-benlloch-espana\/\"><p class=\"coeli-briefDescription\">panels, Benlloch Espa\u00f1a<\/p><figure class=\"image portraitmedia-medium\"><img decoding=\"async\" alt=\"\" src=\"https:\/\/d26pfrydgurj9x.cloudfront.net\/public\/HeritageObject\/H879159\/2c00d7d4548836fa00a19f2303b19d84\/full\/medium\/0\/default.jpg\"><\/figure><\/a><\/li><li class=\"grid-item coeli-objecte-dart coeli-heritageobject\" id=\"h2588--pintura-moreno-ferra-miguel-1992\"  data-href=\"\/coeli\/MUSEULH\/HeritageObject\/H876155\" data-id=\"H876155\" tabindex=\"29\"><a href=\"https:\/\/museulhfons.cat\/en\/heritageobject\/h2588--pintura-moreno-ferra-miguel-1992\/\"><p class=\"coeli-briefDescription\">paintings, Moreno Ferr\u00e0, Miguel, 1992<\/p><figure class=\"image portraitmedia-medium\"><img decoding=\"async\" alt=\"\" src=\"https:\/\/d26pfrydgurj9x.cloudfront.net\/public\/HeritageObject\/H876155\/a03f96194090159960dee1af0bb058ed\/full\/medium\/0\/default.jpg\"><\/figure><\/a><\/li>                        <\/ul>\n                    <\/div>\n\t\t\t\t\t                <\/div>\n            <\/div>\n        <\/div>\n        <div class=\"colei-list-results-footer\">\n\t\t\t<!--<button class=\"coeli-more-results\">Show more<\/button>--><div class=\"coeli-paginacio\"><a class=\"coeli-more-results next-page\" href=\"?offset=30&#038;limit=30\">Show more<\/a><\/div>        <\/div>\n    <\/div>\n<\/div>\n<\/div><\/div>\n\n<h2 class=\"wp-block-heading\"><\/h2>\n","protected":false},"excerpt":{"rendered":"<p>Fondo y colecciones The Museum of l\u2019Hospitalet conserves, manages and administers the movable heritage collections of the city of l\u2019Hospitalet de Llobregat, originating from donations and undocumented object accessions, and consisting of items from diverse periods and subject areas. The Museum of L\u2019Hospitalet (MdLH) seeks to conserve, manage and administer the movable heritage collection of [&hellip;]<\/p>\n","protected":false},"author":2,"featured_media":0,"parent":0,"menu_order":0,"comment_status":"closed","ping_status":"closed","template":"","meta":{"_acf_changed":false,"_uag_custom_page_level_css":"","site-sidebar-layout":"default","site-content-layout":"","ast-site-content-layout":"default","site-content-style":"default","site-sidebar-style":"default","ast-global-header-display":"","ast-banner-title-visibility":"","ast-main-header-display":"","ast-hfb-above-header-display":"","ast-hfb-below-header-display":"","ast-hfb-mobile-header-display":"","site-post-title":"disabled","ast-breadcrumbs-content":"","ast-featured-img":"","footer-sml-layout":"","ast-disable-related-posts":"","theme-transparent-header-meta":"","adv-header-id-meta":"","stick-header-meta":"","header-above-stick-meta":"","header-main-stick-meta":"","header-below-stick-meta":"","astra-migrate-meta-layouts":"default","ast-page-background-enabled":"default","ast-page-background-meta":{"desktop":{"background-color":"var(--ast-global-color-4)","background-image":"","background-repeat":"repeat","background-position":"center center","background-size":"auto","background-attachment":"scroll","background-type":"","background-media":"","overlay-type":"","overlay-color":"","overlay-opacity":"","overlay-gradient":""},"tablet":{"background-color":"","background-image":"","background-repeat":"repeat","background-position":"center center","background-size":"auto","background-attachment":"scroll","background-type":"","background-media":"","overlay-type":"","overlay-color":"","overlay-opacity":"","overlay-gradient":""},"mobile":{"background-color":"","background-image":"","background-repeat":"repeat","background-position":"center center","background-size":"auto","background-attachment":"scroll","background-type":"","background-media":"","overlay-type":"","overlay-color":"","overlay-opacity":"","overlay-gradient":""}},"ast-content-background-meta":{"desktop":{"background-color":"var(--ast-global-color-5)","background-image":"","background-repeat":"repeat","background-position":"center center","background-size":"auto","background-attachment":"scroll","background-type":"","background-media":"","overlay-type":"","overlay-color":"","overlay-opacity":"","overlay-gradient":""},"tablet":{"background-color":"var(--ast-global-color-5)","background-image":"","background-repeat":"repeat","background-position":"center center","background-size":"auto","background-attachment":"scroll","background-type":"","background-media":"","overlay-type":"","overlay-color":"","overlay-opacity":"","overlay-gradient":""},"mobile":{"background-color":"var(--ast-global-color-5)","background-image":"","background-repeat":"repeat","background-position":"center center","background-size":"auto","background-attachment":"scroll","background-type":"","background-media":"","overlay-type":"","overlay-color":"","overlay-opacity":"","overlay-gradient":""}},"footnotes":""},"class_list":["post-244","page","type-page","status-publish","hentry"],"acf":[],"uagb_featured_image_src":{"full":false,"thumbnail":false,"medium":false,"medium_large":false,"large":false,"1536x1536":false,"2048x2048":false},"uagb_author_info":{"display_name":"Coeli","author_link":"https:\/\/museulhfons.cat\/en\/author\/coeli\/"},"uagb_comment_info":0,"uagb_excerpt":"Fondo y colecciones The Museum of l\u2019Hospitalet conserves, manages and administers the movable heritage collections of the city of l\u2019Hospitalet de Llobregat, originating from donations and undocumented object accessions, and consisting of items from diverse periods and subject areas. The Museum of L\u2019Hospitalet (MdLH) seeks to conserve, manage and administer the movable heritage collection of&hellip;","_links":{"self":[{"href":"https:\/\/museulhfons.cat\/en\/wp-json\/wp\/v2\/pages\/244","targetHints":{"allow":["GET"]}}],"collection":[{"href":"https:\/\/museulhfons.cat\/en\/wp-json\/wp\/v2\/pages"}],"about":[{"href":"https:\/\/museulhfons.cat\/en\/wp-json\/wp\/v2\/types\/page"}],"author":[{"embeddable":true,"href":"https:\/\/museulhfons.cat\/en\/wp-json\/wp\/v2\/users\/2"}],"replies":[{"embeddable":true,"href":"https:\/\/museulhfons.cat\/en\/wp-json\/wp\/v2\/comments?post=244"}],"version-history":[{"count":24,"href":"https:\/\/museulhfons.cat\/en\/wp-json\/wp\/v2\/pages\/244\/revisions"}],"predecessor-version":[{"id":430,"href":"https:\/\/museulhfons.cat\/en\/wp-json\/wp\/v2\/pages\/244\/revisions\/430"}],"wp:attachment":[{"href":"https:\/\/museulhfons.cat\/en\/wp-json\/wp\/v2\/media?parent=244"}],"curies":[{"name":"wp","href":"https:\/\/api.w.org\/{rel}","templated":true}]}}